{"version":"1.0","provider_name":"Volkswagen Group | FleetHub","provider_url":"https:\/\/www.groupfleet.com\/de\/","title":"Im Sprint zur Klimaneutralit\u00e4t - Volkswagen Group | FleetHub","type":"rich","width":600,"height":338,"html":"<blockquote class=\"wp-embedded-content\" data-secret=\"IP7SQSOpxe\"><a href=\"https:\/\/www.groupfleet.com\/de\/praxisberichte-nestle\/\">Im Sprint zur Klimaneutralit\u00e4t<\/a><\/blockquote><iframe sandbox=\"allow-scripts\" security=\"restricted\" src=\"https:\/\/www.groupfleet.com\/de\/praxisberichte-nestle\/embed\/#?secret=IP7SQSOpxe\" width=\"600\" height=\"338\" title=\"&#8222;Im Sprint zur Klimaneutralit\u00e4t&#8220; &#8211; Volkswagen Group | FleetHub\" data-secret=\"IP7SQSOpxe\" frameborder=\"0\" marginwidth=\"0\" marginheight=\"0\" scrolling=\"no\" class=\"wp-embedded-content\"><\/iframe><script type=\"text\/javascript\">\n\/* <![CDATA[ *\/\n\/*! This file is auto-generated *\/\n!function(d,l){\"use strict\";l.querySelector&&d.addEventListener&&\"undefined\"!=typeof URL&&(d.wp=d.wp||{},d.wp.receiveEmbedMessage||(d.wp.receiveEmbedMessage=function(e){var t=e.data;if((t||t.secret||t.message||t.value)&&!\/[^a-zA-Z0-9]\/.test(t.secret)){for(var s,r,n,a=l.querySelectorAll('iframe[data-secret=\"'+t.secret+'\"]'),o=l.querySelectorAll('blockquote[data-secret=\"'+t.secret+'\"]'),c=new RegExp(\"^https?:$\",\"i\"),i=0;i<o.length;i++)o[i].style.display=\"none\";for(i=0;i<a.length;i++)s=a[i],e.source===s.contentWindow&&(s.removeAttribute(\"style\"),\"height\"===t.message?(1e3<(r=parseInt(t.value,10))?r=1e3:~~r<200&&(r=200),s.height=r):\"link\"===t.message&&(r=new URL(s.getAttribute(\"src\")),n=new URL(t.value),c.test(n.protocol))&&n.host===r.host&&l.activeElement===s&&(d.top.location.href=t.value))}},d.addEventListener(\"message\",d.wp.receiveEmbedMessage,!1),l.addEventListener(\"DOMContentLoaded\",function(){for(var e,t,s=l.querySelectorAll(\"iframe.wp-embedded-content\"),r=0;r<s.length;r++)(t=(e=s[r]).getAttribute(\"data-secret\"))||(t=Math.random().toString(36).substring(2,12),e.src+=\"#?secret=\"+t,e.setAttribute(\"data-secret\",t)),e.contentWindow.postMessage({message:\"ready\",secret:t},\"*\")},!1)))}(window,document);\n\/\/# sourceURL=https:\/\/www.groupfleet.com\/wp-includes\/js\/wp-embed.min.js\n\/* ]]> *\/\n<\/script>\n","thumbnail_url":"https:\/\/www.groupfleet.com\/wp-content\/uploads\/2023\/12\/dsc2204-verbessert-rr_1920x1080.jpg","thumbnail_width":1920,"thumbnail_height":1080,"description":"Passender h\u00e4tte die Location nicht sein k\u00f6nnen: Auf der Rennbahn des Nationalen Reitinstituts im schweizerischen Avenches nahmen Au\u00dfendienstmitarbeiterinnen und -mitarbeiter der Nestl\u00e9 Suisse SA ihre neuen Dienstwagen \u2013 126 von insgesamt 171 \u0160koda Enyaq \u2013 entgegen. Der Umstieg auf die vollelektrischen Modelle ist Teil des ehrgeizigen Klimafahrplans des Lebensmittelkonzerns, der eine z\u00fcgige Reduktion von Emissionen vorsieht."}